
{"version":"1.0","provider_name":"w-l-c","provider_url":"https:\/\/w-l-c.be\/fr\/","author_name":"Aurore Engelen","author_url":"https:\/\/w-l-c.be\/fr\/author\/aurore-engelen\/","title":"Fr\u00e9d\u00e9ric Fonteyne entame le tournage de \"La Fronti\u00e8re\" - w-l-c","type":"rich","width":600,"height":338,"html":"<blockquote class=\"wp-embedded-content\" data-secret=\"6Pm9iFdwFE\"><a href=\"https:\/\/w-l-c.be\/fr\/frederic-fonteyne-entame-tournage-de-frontiere\/\">Fr\u00e9d\u00e9ric Fonteyne entame le tournage de \u00ab\u00a0La Fronti\u00e8re\u00a0\u00bb<\/a><\/blockquote><iframe sandbox=\"allow-scripts\" security=\"restricted\" src=\"https:\/\/w-l-c.be\/fr\/frederic-fonteyne-entame-tournage-de-frontiere\/embed\/#?secret=6Pm9iFdwFE\" width=\"600\" height=\"338\" title=\"\u00ab\u00a0Fr\u00e9d\u00e9ric Fonteyne entame le tournage de \u00ab\u00a0La Fronti\u00e8re\u00a0\u00bb\u00a0\u00bb &#8212; w-l-c\" data-secret=\"6Pm9iFdwFE\" frameborder=\"0\" marginwidth=\"0\" marginheight=\"0\" scrolling=\"no\" class=\"wp-embedded-content\"><\/iframe><script type=\"text\/javascript\">\n\/* <![CDATA[ *\/\n\/*! This file is auto-generated *\/\n!function(d,l){\"use strict\";l.querySelector&&d.addEventListener&&\"undefined\"!=typeof URL&&(d.wp=d.wp||{},d.wp.receiveEmbedMessage||(d.wp.receiveEmbedMessage=function(e){var t=e.data;if((t||t.secret||t.message||t.value)&&!\/[^a-zA-Z0-9]\/.test(t.secret)){for(var s,r,n,a=l.querySelectorAll('iframe[data-secret=\"'+t.secret+'\"]'),o=l.querySelectorAll('blockquote[data-secret=\"'+t.secret+'\"]'),c=new RegExp(\"^https?:$\",\"i\"),i=0;i<o.length;i++)o[i].style.display=\"none\";for(i=0;i<a.length;i++)s=a[i],e.source===s.contentWindow&&(s.removeAttribute(\"style\"),\"height\"===t.message?(1e3<(r=parseInt(t.value,10))?r=1e3:~~r<200&&(r=200),s.height=r):\"link\"===t.message&&(r=new URL(s.getAttribute(\"src\")),n=new URL(t.value),c.test(n.protocol))&&n.host===r.host&&l.activeElement===s&&(d.top.location.href=t.value))}},d.addEventListener(\"message\",d.wp.receiveEmbedMessage,!1),l.addEventListener(\"DOMContentLoaded\",function(){for(var e,t,s=l.querySelectorAll(\"iframe.wp-embedded-content\"),r=0;r<s.length;r++)(t=(e=s[r]).getAttribute(\"data-secret\"))||(t=Math.random().toString(36).substring(2,12),e.src+=\"#?secret=\"+t,e.setAttribute(\"data-secret\",t)),e.contentWindow.postMessage({message:\"ready\",secret:t},\"*\")},!1)))}(window,document);\n\/* ]]> *\/\n<\/script>\n","thumbnail_url":"https:\/\/w-l-c.be\/wp-content\/uploads\/2018\/03\/TournageLaFrontiere.jpg","thumbnail_width":2400,"thumbnail_height":1200,"description":"Fr\u00e9d\u00e9ric Fonteyne est de retour 6 ans apr\u00e8s Tango Libre, avec La Fronti\u00e8re, un film de femmes, co-\u00e9crit avec Anne Paulic\u00e9vich, qui met en sc\u00e8ne Sara Forestier, No\u00e9mie Lvovsky et\u00a0Annabelle Lengronne.\u00a0 La Fronti\u00e8re raconte trois histoires de femmes, lors d\u2019un \u00e9t\u00e9 caniculaire, entre le nord de la France et la Belgique. Axelle, Conso et Dominique &hellip;"}