
{"version":"1.0","provider_name":"w-l-c","provider_url":"https:\/\/w-l-c.be\/fr\/","author_name":"Philippe.Pierquin","author_url":"https:\/\/w-l-c.be\/fr\/author\/philippe-pierquin\/","title":"Guillaume Kerbusch s\u2019offre une Tr\u00eave - w-l-c","type":"rich","width":600,"height":338,"html":"<blockquote class=\"wp-embedded-content\" data-secret=\"khc50VOsfK\"><a href=\"https:\/\/w-l-c.be\/fr\/guillaume-kerbusch-soffre-une-treve\/\">Guillaume Kerbusch s\u2019offre une Tr\u00eave<\/a><\/blockquote><iframe sandbox=\"allow-scripts\" security=\"restricted\" src=\"https:\/\/w-l-c.be\/fr\/guillaume-kerbusch-soffre-une-treve\/embed\/#?secret=khc50VOsfK\" width=\"600\" height=\"338\" title=\"\u00ab\u00a0Guillaume Kerbusch s\u2019offre une Tr\u00eave\u00a0\u00bb &#8212; w-l-c\" data-secret=\"khc50VOsfK\" frameborder=\"0\" marginwidth=\"0\" marginheight=\"0\" scrolling=\"no\" class=\"wp-embedded-content\"><\/iframe><script type=\"text\/javascript\">\n\/* <![CDATA[ *\/\n\/*! This file is auto-generated *\/\n!function(d,l){\"use strict\";l.querySelector&&d.addEventListener&&\"undefined\"!=typeof URL&&(d.wp=d.wp||{},d.wp.receiveEmbedMessage||(d.wp.receiveEmbedMessage=function(e){var t=e.data;if((t||t.secret||t.message||t.value)&&!\/[^a-zA-Z0-9]\/.test(t.secret)){for(var s,r,n,a=l.querySelectorAll('iframe[data-secret=\"'+t.secret+'\"]'),o=l.querySelectorAll('blockquote[data-secret=\"'+t.secret+'\"]'),c=new RegExp(\"^https?:$\",\"i\"),i=0;i<o.length;i++)o[i].style.display=\"none\";for(i=0;i<a.length;i++)s=a[i],e.source===s.contentWindow&&(s.removeAttribute(\"style\"),\"height\"===t.message?(1e3<(r=parseInt(t.value,10))?r=1e3:~~r<200&&(r=200),s.height=r):\"link\"===t.message&&(r=new URL(s.getAttribute(\"src\")),n=new URL(t.value),c.test(n.protocol))&&n.host===r.host&&l.activeElement===s&&(d.top.location.href=t.value))}},d.addEventListener(\"message\",d.wp.receiveEmbedMessage,!1),l.addEventListener(\"DOMContentLoaded\",function(){for(var e,t,s=l.querySelectorAll(\"iframe.wp-embedded-content\"),r=0;r<s.length;r++)(t=(e=s[r]).getAttribute(\"data-secret\"))||(t=Math.random().toString(36).substring(2,12),e.src+=\"#?secret=\"+t,e.setAttribute(\"data-secret\",t)),e.contentWindow.postMessage({message:\"ready\",secret:t},\"*\")},!1)))}(window,document);\n\/* ]]> *\/\n<\/script>\n","thumbnail_url":"https:\/\/w-l-c.be\/wp-content\/uploads\/2010\/03\/GUILLAUME-KERBUSCH_EP08.mov.00_29_05_00.Image-fixe050.jpg","thumbnail_width":1024,"thumbnail_height":576,"description":"Le lancement d\u2019un fonds pour produire des s\u00e9ries t\u00e9l\u00e9 belges francophones initi\u00e9 par la F\u00e9d\u00e9ration Wallonie-Bruxelles et la RTBF devait permettre au grand public de d\u00e9couvrir les talents belges et de se familiariser avec nos acteurs. Pour que cette volont\u00e9 ambitieuse ne reste pas un v\u0153u pieux, il fallait bien s\u00fbr que les s\u00e9ries propos\u00e9es &hellip;"}