
{"version":"1.0","provider_name":"w-l-c","provider_url":"https:\/\/w-l-c.be\/fr\/","author_name":"Philippe.Pierquin","author_url":"https:\/\/w-l-c.be\/fr\/author\/philippe-pierquin\/","title":"J\u00e9r\u00e9mie, Fabrizio et Christelle face \u00e0 l\u2019improbable. - w-l-c","type":"rich","width":600,"height":338,"html":"<blockquote class=\"wp-embedded-content\" data-secret=\"g8gAurgpCm\"><a href=\"https:\/\/w-l-c.be\/fr\/jeremie-fabrizio-et-christelle-face-limprobable\/\">J\u00e9r\u00e9mie, Fabrizio et Christelle face \u00e0 l\u2019improbable.<\/a><\/blockquote><iframe sandbox=\"allow-scripts\" security=\"restricted\" src=\"https:\/\/w-l-c.be\/fr\/jeremie-fabrizio-et-christelle-face-limprobable\/embed\/#?secret=g8gAurgpCm\" width=\"600\" height=\"338\" title=\"\u00ab\u00a0J\u00e9r\u00e9mie, Fabrizio et Christelle face \u00e0 l\u2019improbable.\u00a0\u00bb &#8212; w-l-c\" data-secret=\"g8gAurgpCm\" frameborder=\"0\" marginwidth=\"0\" marginheight=\"0\" scrolling=\"no\" class=\"wp-embedded-content\"><\/iframe><script type=\"text\/javascript\">\n\/* <![CDATA[ *\/\n\/*! This file is auto-generated *\/\n!function(d,l){\"use strict\";l.querySelector&&d.addEventListener&&\"undefined\"!=typeof URL&&(d.wp=d.wp||{},d.wp.receiveEmbedMessage||(d.wp.receiveEmbedMessage=function(e){var t=e.data;if((t||t.secret||t.message||t.value)&&!\/[^a-zA-Z0-9]\/.test(t.secret)){for(var s,r,n,a=l.querySelectorAll('iframe[data-secret=\"'+t.secret+'\"]'),o=l.querySelectorAll('blockquote[data-secret=\"'+t.secret+'\"]'),c=new RegExp(\"^https?:$\",\"i\"),i=0;i<o.length;i++)o[i].style.display=\"none\";for(i=0;i<a.length;i++)s=a[i],e.source===s.contentWindow&&(s.removeAttribute(\"style\"),\"height\"===t.message?(1e3<(r=parseInt(t.value,10))?r=1e3:~~r<200&&(r=200),s.height=r):\"link\"===t.message&&(r=new URL(s.getAttribute(\"src\")),n=new URL(t.value),c.test(n.protocol))&&n.host===r.host&&l.activeElement===s&&(d.top.location.href=t.value))}},d.addEventListener(\"message\",d.wp.receiveEmbedMessage,!1),l.addEventListener(\"DOMContentLoaded\",function(){for(var e,t,s=l.querySelectorAll(\"iframe.wp-embedded-content\"),r=0;r<s.length;r++)(t=(e=s[r]).getAttribute(\"data-secret\"))||(t=Math.random().toString(36).substring(2,12),e.src+=\"#?secret=\"+t,e.setAttribute(\"data-secret\",t)),e.contentWindow.postMessage({message:\"ready\",secret:t},\"*\")},!1)))}(window,document);\n\/* ]]> *\/\n<\/script>\n","thumbnail_url":"https:\/\/w-l-c.be\/wp-content\/uploads\/2010\/02\/Intus-1.jpg","thumbnail_width":2048,"thumbnail_height":854,"description":"Et si, mercredi, le plus beau casting de la soir\u00e9e \u00e9tait r\u00e9uni sur la Trois\u00a0? J\u00e9r\u00e9mie Renier en vedette d\u2019un court m\u00e9trage secouant \u00e0 d\u00e9conseiller aux claustrophobes, Fabrizio Rongione et Christelle Cornil, deux des trois t\u00eates d\u2019affiche du prochain film des fr\u00e8res Dardenne r\u00e9unis pour une bizarre histoire de pieds invers\u00e9s\u00a0: Tout Court fait fort"}