
{"version":"1.0","provider_name":"w-l-c","provider_url":"https:\/\/w-l-c.be\/fr\/","author_name":"Philippe.Pierquin","author_url":"https:\/\/w-l-c.be\/fr\/author\/philippe-pierquin\/","title":"Le Go\u00fbt des Myrtilles \u00e0 l\u2019automne? - w-l-c","type":"rich","width":600,"height":338,"html":"<blockquote class=\"wp-embedded-content\" data-secret=\"ozajArB6qp\"><a href=\"https:\/\/w-l-c.be\/fr\/le-gout-des-myrtilles-a-lautomne\/\">Le Go\u00fbt des Myrtilles \u00e0 l\u2019automne?<\/a><\/blockquote><iframe sandbox=\"allow-scripts\" security=\"restricted\" src=\"https:\/\/w-l-c.be\/fr\/le-gout-des-myrtilles-a-lautomne\/embed\/#?secret=ozajArB6qp\" width=\"600\" height=\"338\" title=\"\u00ab\u00a0Le Go\u00fbt des Myrtilles \u00e0 l\u2019automne?\u00a0\u00bb &#8212; w-l-c\" data-secret=\"ozajArB6qp\" frameborder=\"0\" marginwidth=\"0\" marginheight=\"0\" scrolling=\"no\" class=\"wp-embedded-content\"><\/iframe><script type=\"text\/javascript\">\n\/* <![CDATA[ *\/\n\/*! This file is auto-generated *\/\n!function(d,l){\"use strict\";l.querySelector&&d.addEventListener&&\"undefined\"!=typeof URL&&(d.wp=d.wp||{},d.wp.receiveEmbedMessage||(d.wp.receiveEmbedMessage=function(e){var t=e.data;if((t||t.secret||t.message||t.value)&&!\/[^a-zA-Z0-9]\/.test(t.secret)){for(var s,r,n,a=l.querySelectorAll('iframe[data-secret=\"'+t.secret+'\"]'),o=l.querySelectorAll('blockquote[data-secret=\"'+t.secret+'\"]'),c=new RegExp(\"^https?:$\",\"i\"),i=0;i<o.length;i++)o[i].style.display=\"none\";for(i=0;i<a.length;i++)s=a[i],e.source===s.contentWindow&&(s.removeAttribute(\"style\"),\"height\"===t.message?(1e3<(r=parseInt(t.value,10))?r=1e3:~~r<200&&(r=200),s.height=r):\"link\"===t.message&&(r=new URL(s.getAttribute(\"src\")),n=new URL(t.value),c.test(n.protocol))&&n.host===r.host&&l.activeElement===s&&(d.top.location.href=t.value))}},d.addEventListener(\"message\",d.wp.receiveEmbedMessage,!1),l.addEventListener(\"DOMContentLoaded\",function(){for(var e,t,s=l.querySelectorAll(\"iframe.wp-embedded-content\"),r=0;r<s.length;r++)(t=(e=s[r]).getAttribute(\"data-secret\"))||(t=Math.random().toString(36).substring(2,12),e.src+=\"#?secret=\"+t,e.setAttribute(\"data-secret\",t)),e.contentWindow.postMessage({message:\"ready\",secret:t},\"*\")},!1)))}(window,document);\n\/* ]]> *\/\n<\/script>\n","thumbnail_url":"https:\/\/w-l-c.be\/wp-content\/uploads\/2013\/08\/myrtilles.jpg","thumbnail_width":714,"thumbnail_height":282,"description":"Alors qu\u2019il pr\u00e9pare d\u00e9j\u00e0 son prochain film, une \u0153uvre \u00e9trange et d\u00e9cal\u00e9e qui promet de nous remuer les tripes, Thomas de Thier s\u2019appr\u00eate \u00e0 accompagner la sortie de son deuxi\u00e8me long m\u00e9trage (Le Go\u00fbt des Myrtilles) dans lequel il a dirig\u00e9 un couple d\u2019exception : Natacha Parry et Michel Piccoli. Couple \u00e0 l\u2019\u00e9cran, au bout du voyage."}