
{"version":"1.0","provider_name":"w-l-c","provider_url":"https:\/\/w-l-c.be\/fr\/","author_name":"Aurore Engelen","author_url":"https:\/\/w-l-c.be\/fr\/author\/aurore-engelen\/","title":"Moustier f\u00eate le cin\u00e9ma belge! - w-l-c","type":"rich","width":600,"height":338,"html":"<blockquote class=\"wp-embedded-content\" data-secret=\"YjVNr9Ni0b\"><a href=\"https:\/\/w-l-c.be\/fr\/moustier-fete-le-cinema-belge\/\">Moustier f\u00eate le cin\u00e9ma belge!<\/a><\/blockquote><iframe sandbox=\"allow-scripts\" security=\"restricted\" src=\"https:\/\/w-l-c.be\/fr\/moustier-fete-le-cinema-belge\/embed\/#?secret=YjVNr9Ni0b\" width=\"600\" height=\"338\" title=\"\u00ab\u00a0Moustier f\u00eate le cin\u00e9ma belge!\u00a0\u00bb &#8212; w-l-c\" data-secret=\"YjVNr9Ni0b\" frameborder=\"0\" marginwidth=\"0\" marginheight=\"0\" scrolling=\"no\" class=\"wp-embedded-content\"><\/iframe><script type=\"text\/javascript\">\n\/* <![CDATA[ *\/\n\/*! This file is auto-generated *\/\n!function(d,l){\"use strict\";l.querySelector&&d.addEventListener&&\"undefined\"!=typeof URL&&(d.wp=d.wp||{},d.wp.receiveEmbedMessage||(d.wp.receiveEmbedMessage=function(e){var t=e.data;if((t||t.secret||t.message||t.value)&&!\/[^a-zA-Z0-9]\/.test(t.secret)){for(var s,r,n,a=l.querySelectorAll('iframe[data-secret=\"'+t.secret+'\"]'),o=l.querySelectorAll('blockquote[data-secret=\"'+t.secret+'\"]'),c=new RegExp(\"^https?:$\",\"i\"),i=0;i<o.length;i++)o[i].style.display=\"none\";for(i=0;i<a.length;i++)s=a[i],e.source===s.contentWindow&&(s.removeAttribute(\"style\"),\"height\"===t.message?(1e3<(r=parseInt(t.value,10))?r=1e3:~~r<200&&(r=200),s.height=r):\"link\"===t.message&&(r=new URL(s.getAttribute(\"src\")),n=new URL(t.value),c.test(n.protocol))&&n.host===r.host&&l.activeElement===s&&(d.top.location.href=t.value))}},d.addEventListener(\"message\",d.wp.receiveEmbedMessage,!1),l.addEventListener(\"DOMContentLoaded\",function(){for(var e,t,s=l.querySelectorAll(\"iframe.wp-embedded-content\"),r=0;r<s.length;r++)(t=(e=s[r]).getAttribute(\"data-secret\"))||(t=Math.random().toString(36).substring(2,12),e.src+=\"#?secret=\"+t,e.setAttribute(\"data-secret\",t)),e.contentWindow.postMessage({message:\"ready\",secret:t},\"*\")},!1)))}(window,document);\n\/* ]]> *\/\n<\/script>\n","thumbnail_url":"https:\/\/w-l-c.be\/wp-content\/uploads\/2019\/03\/Moustier.jpg","thumbnail_width":640,"thumbnail_height":360,"description":"Le Festival du Cin\u00e9ma belge de Moustier revient d\u00e8s ce soir pour sa 31e (!) \u00e9dition, toujours aussi passionn\u00e9e par le cin\u00e9ma du Plat Pays. Au programme de cette \u00e9dition, une ouverture hyper glamour avec la projection de Duelles, d&rsquo;Olivier Masset-Depasse, l&rsquo;occasion pour le public de rencontrer le r\u00e9alisateur et son h\u00e9ro\u00efne, Anne Coesens, invit\u00e9s &hellip;"}