
{"version":"1.0","provider_name":"w-l-c","provider_url":"https:\/\/w-l-c.be\/fr\/","author_name":"Philippe.Pierquin","author_url":"https:\/\/w-l-c.be\/fr\/author\/philippe-pierquin\/","title":"Nouveau verdict attendu pour Jan Verheyen \u00e0 Chicago - w-l-c","type":"rich","width":600,"height":338,"html":"<blockquote class=\"wp-embedded-content\" data-secret=\"OALXukSgal\"><a href=\"https:\/\/w-l-c.be\/fr\/nouveau-verdict-attendu-jan-verheyen-chicago\/\">Nouveau verdict attendu pour Jan Verheyen \u00e0 Chicago<\/a><\/blockquote><iframe sandbox=\"allow-scripts\" security=\"restricted\" src=\"https:\/\/w-l-c.be\/fr\/nouveau-verdict-attendu-jan-verheyen-chicago\/embed\/#?secret=OALXukSgal\" width=\"600\" height=\"338\" title=\"\u00ab\u00a0Nouveau verdict attendu pour Jan Verheyen \u00e0 Chicago\u00a0\u00bb &#8212; w-l-c\" data-secret=\"OALXukSgal\" frameborder=\"0\" marginwidth=\"0\" marginheight=\"0\" scrolling=\"no\" class=\"wp-embedded-content\"><\/iframe><script type=\"text\/javascript\">\n\/* <![CDATA[ *\/\n\/*! This file is auto-generated *\/\n!function(d,l){\"use strict\";l.querySelector&&d.addEventListener&&\"undefined\"!=typeof URL&&(d.wp=d.wp||{},d.wp.receiveEmbedMessage||(d.wp.receiveEmbedMessage=function(e){var t=e.data;if((t||t.secret||t.message||t.value)&&!\/[^a-zA-Z0-9]\/.test(t.secret)){for(var s,r,n,a=l.querySelectorAll('iframe[data-secret=\"'+t.secret+'\"]'),o=l.querySelectorAll('blockquote[data-secret=\"'+t.secret+'\"]'),c=new RegExp(\"^https?:$\",\"i\"),i=0;i<o.length;i++)o[i].style.display=\"none\";for(i=0;i<a.length;i++)s=a[i],e.source===s.contentWindow&&(s.removeAttribute(\"style\"),\"height\"===t.message?(1e3<(r=parseInt(t.value,10))?r=1e3:~~r<200&&(r=200),s.height=r):\"link\"===t.message&&(r=new URL(s.getAttribute(\"src\")),n=new URL(t.value),c.test(n.protocol))&&n.host===r.host&&l.activeElement===s&&(d.top.location.href=t.value))}},d.addEventListener(\"message\",d.wp.receiveEmbedMessage,!1),l.addEventListener(\"DOMContentLoaded\",function(){for(var e,t,s=l.querySelectorAll(\"iframe.wp-embedded-content\"),r=0;r<s.length;r++)(t=(e=s[r]).getAttribute(\"data-secret\"))||(t=Math.random().toString(36).substring(2,12),e.src+=\"#?secret=\"+t,e.setAttribute(\"data-secret\",t)),e.contentWindow.postMessage({message:\"ready\",secret:t},\"*\")},!1)))}(window,document);\n\/* ]]> *\/\n<\/script>\n","thumbnail_url":"https:\/\/w-l-c.be\/wp-content\/uploads\/2010\/09\/Het-vonnis-6.jpg","thumbnail_width":480,"thumbnail_height":320,"description":"Het Vonnis \/ Le verdict, le nouveau long m\u00e9trage de Jan Verheyen, sera pr\u00e9sent\u00e9 au Festival International du Film de Chicago. Apr\u00e8s avoir remport\u00e9 le Prix de la Meilleure R\u00e9alisation \u00e0 Montr\u00e9al d\u00e9but septembre, il fera partie de la Comp\u00e9tition Officielle de Chicago. Perfect Drug, le court m\u00e9trage de Toon Aerts ainsi que Borgman, film &hellip;"}