
{"version":"1.0","provider_name":"w-l-c","provider_url":"https:\/\/w-l-c.be\/fr\/","author_name":"Aurore Engelen","author_url":"https:\/\/w-l-c.be\/fr\/author\/aurore-engelen\/","title":"\"Nuestras Madres\", la r\u00e9silience des m\u00e8res - w-l-c","type":"rich","width":600,"height":338,"html":"<blockquote class=\"wp-embedded-content\" data-secret=\"bC4Mm16N8u\"><a href=\"https:\/\/w-l-c.be\/fr\/nuestras-madres-la-resilience-des-meres\/\">\u00ab\u00a0Nuestras Madres\u00a0\u00bb, la r\u00e9silience des m\u00e8res<\/a><\/blockquote><iframe sandbox=\"allow-scripts\" security=\"restricted\" src=\"https:\/\/w-l-c.be\/fr\/nuestras-madres-la-resilience-des-meres\/embed\/#?secret=bC4Mm16N8u\" width=\"600\" height=\"338\" title=\"\u00ab\u00a0\u00ab\u00a0Nuestras Madres\u00a0\u00bb, la r\u00e9silience des m\u00e8res\u00a0\u00bb &#8212; w-l-c\" data-secret=\"bC4Mm16N8u\" frameborder=\"0\" marginwidth=\"0\" marginheight=\"0\" scrolling=\"no\" class=\"wp-embedded-content\"><\/iframe><script type=\"text\/javascript\">\n\/* <![CDATA[ *\/\n\/*! This file is auto-generated *\/\n!function(d,l){\"use strict\";l.querySelector&&d.addEventListener&&\"undefined\"!=typeof URL&&(d.wp=d.wp||{},d.wp.receiveEmbedMessage||(d.wp.receiveEmbedMessage=function(e){var t=e.data;if((t||t.secret||t.message||t.value)&&!\/[^a-zA-Z0-9]\/.test(t.secret)){for(var s,r,n,a=l.querySelectorAll('iframe[data-secret=\"'+t.secret+'\"]'),o=l.querySelectorAll('blockquote[data-secret=\"'+t.secret+'\"]'),c=new RegExp(\"^https?:$\",\"i\"),i=0;i<o.length;i++)o[i].style.display=\"none\";for(i=0;i<a.length;i++)s=a[i],e.source===s.contentWindow&&(s.removeAttribute(\"style\"),\"height\"===t.message?(1e3<(r=parseInt(t.value,10))?r=1e3:~~r<200&&(r=200),s.height=r):\"link\"===t.message&&(r=new URL(s.getAttribute(\"src\")),n=new URL(t.value),c.test(n.protocol))&&n.host===r.host&&l.activeElement===s&&(d.top.location.href=t.value))}},d.addEventListener(\"message\",d.wp.receiveEmbedMessage,!1),l.addEventListener(\"DOMContentLoaded\",function(){for(var e,t,s=l.querySelectorAll(\"iframe.wp-embedded-content\"),r=0;r<s.length;r++)(t=(e=s[r]).getAttribute(\"data-secret\"))||(t=Math.random().toString(36).substring(2,12),e.src+=\"#?secret=\"+t,e.setAttribute(\"data-secret\",t)),e.contentWindow.postMessage({message:\"ready\",secret:t},\"*\")},!1)))}(window,document);\n\/* ]]> *\/\n<\/script>\n","thumbnail_url":"https:\/\/w-l-c.be\/wp-content\/uploads\/2019\/04\/NUESTRAS-MADRES_OK.jpg","thumbnail_width":3000,"thumbnail_height":1257,"description":"Avec Nuestras Madres, C\u00e9sar Diaz dresse \u00e0 travers le portrait de son h\u00e9ros Ernesto et de son entourage, le portrait d\u2019une r\u00e9silience collective, celle des victimes de la dictature militaire guat\u00e9malt\u00e8que. Guatemala, de nos jours. Ernesto, jeune anthropologue \u00e0 la Fondation m\u00e9dico-l\u00e9gale, travaille \u00e0 l\u2019identification des disparus de la guerre civile, et oeuvre pour rendre &hellip;"}