
{"version":"1.0","provider_name":"w-l-c","provider_url":"https:\/\/w-l-c.be\/fr\/","author_name":"Philippe.Pierquin","author_url":"https:\/\/w-l-c.be\/fr\/author\/philippe-pierquin\/","title":"Soir\u00e9e de gala namuroise - w-l-c","type":"rich","width":600,"height":338,"html":"<blockquote class=\"wp-embedded-content\" data-secret=\"1UKxkjaSpb\"><a href=\"https:\/\/w-l-c.be\/fr\/soiree-de-gala-namuroise\/\">Soir\u00e9e de gala namuroise<\/a><\/blockquote><iframe sandbox=\"allow-scripts\" security=\"restricted\" src=\"https:\/\/w-l-c.be\/fr\/soiree-de-gala-namuroise\/embed\/#?secret=1UKxkjaSpb\" width=\"600\" height=\"338\" title=\"\u00ab\u00a0Soir\u00e9e de gala namuroise\u00a0\u00bb &#8212; w-l-c\" data-secret=\"1UKxkjaSpb\" frameborder=\"0\" marginwidth=\"0\" marginheight=\"0\" scrolling=\"no\" class=\"wp-embedded-content\"><\/iframe><script type=\"text\/javascript\">\n\/* <![CDATA[ *\/\n\/*! This file is auto-generated *\/\n!function(d,l){\"use strict\";l.querySelector&&d.addEventListener&&\"undefined\"!=typeof URL&&(d.wp=d.wp||{},d.wp.receiveEmbedMessage||(d.wp.receiveEmbedMessage=function(e){var t=e.data;if((t||t.secret||t.message||t.value)&&!\/[^a-zA-Z0-9]\/.test(t.secret)){for(var s,r,n,a=l.querySelectorAll('iframe[data-secret=\"'+t.secret+'\"]'),o=l.querySelectorAll('blockquote[data-secret=\"'+t.secret+'\"]'),c=new RegExp(\"^https?:$\",\"i\"),i=0;i<o.length;i++)o[i].style.display=\"none\";for(i=0;i<a.length;i++)s=a[i],e.source===s.contentWindow&&(s.removeAttribute(\"style\"),\"height\"===t.message?(1e3<(r=parseInt(t.value,10))?r=1e3:~~r<200&&(r=200),s.height=r):\"link\"===t.message&&(r=new URL(s.getAttribute(\"src\")),n=new URL(t.value),c.test(n.protocol))&&n.host===r.host&&l.activeElement===s&&(d.top.location.href=t.value))}},d.addEventListener(\"message\",d.wp.receiveEmbedMessage,!1),l.addEventListener(\"DOMContentLoaded\",function(){for(var e,t,s=l.querySelectorAll(\"iframe.wp-embedded-content\"),r=0;r<s.length;r++)(t=(e=s[r]).getAttribute(\"data-secret\"))||(t=Math.random().toString(36).substring(2,12),e.src+=\"#?secret=\"+t,e.setAttribute(\"data-secret\",t)),e.contentWindow.postMessage({message:\"ready\",secret:t},\"*\")},!1)))}(window,document);\n\/* ]]> *\/\n<\/script>\n","thumbnail_url":"https:\/\/w-l-c.be\/wp-content\/uploads\/2015\/10\/EG-7289.jpg","thumbnail_width":1200,"thumbnail_height":800,"description":"Le FIFF namurois a d\u00e9but\u00e9 vendredi et comme d\u2019habitude l\u2019engouement public est exceptionnel. Le Festival, c\u2019est une de ses caract\u00e9ristiques essentielles, est largement ouvert aux Namurois qui ne se font pas prier pour d\u00e9couvrir en avant-premi\u00e8re les productions francophones qui feront l\u2019actualit\u00e9 durant les prochains mois."}